{"id":1727,"date":"2021-08-27T08:20:13","date_gmt":"2021-08-27T06:20:13","guid":{"rendered":"https:\/\/www.bundesverband-pt.de\/?page_id=1727"},"modified":"2024-06-05T13:15:01","modified_gmt":"2024-06-05T11:15:01","slug":"sofort-mehr-kunden-als-personal-fitness-trainer-oder-microstudio","status":"publish","type":"page","link":"https:\/\/www.bundesverband-pt.de\/en\/qualitaetssicherung\/sofort-mehr-kunden-als-personal-fitness-trainer-oder-microstudio\/","title":{"rendered":"Sofort mehr Kunden als Personal Fitness Trainer oder Microstudio"},"content":{"rendered":"<p><div class=\"fusion-fullwidth fullwidth-box fusion-builder-row-1 fusion-flex-container fusion-parallax-none hundred-percent-fullwidth hundred-percent-height hundred-percent-height-center-content non-hundred-percent-height-scrolling lazyload fusion-custom-z-index\" style=\"--awb-border-radius-top-left:0px;--awb-border-radius-top-right:0px;--awb-border-radius-bottom-right:0px;--awb-border-radius-bottom-left:0px;--awb-z-index:100;--awb-background-size:cover;--awb-flex-wrap:wrap;\" data-bg=\"https:\/\/www.bundesverband-pt.de\/wp-content\/uploads\/2021\/08\/verkaufskonzept-bundesverband-pt.jpg\" ><div class=\"fusion-builder-row fusion-row fusion-flex-align-items-stretch fusion-flex-content-wrap\" style=\"width:104% !important;max-width:104% !important;margin-left: calc(-4% \/ 2 );margin-right: calc(-4% \/ 2 );\"><div class=\"fusion-layout-column fusion_builder_column fusion-builder-column-0 fusion_builder_column_2_5 2_5 fusion-flex-column fusion-flex-align-self-stretch\" style=\"--awb-padding-top:0px;--awb-padding-right:3vw;--awb-padding-bottom:0px;--awb-padding-left:3vw;--awb-bg-color:rgba(160,206,78,0.7);--awb-bg-color-hover:rgba(160,206,78,0.7);--awb-bg-size:cover;--awb-width-large:40%;--awb-margin-top-large:0px;--awb-spacing-right-large:0px;--awb-margin-bottom-large:0px;--awb-spacing-left-large:0px;--awb-width-medium:100%;--awb-order-medium:0;--awb-spacing-right-medium:1.92%;--awb-spacing-left-medium:1.92%;--awb-width-small:100%;--awb-order-small:0;--awb-spacing-right-small:1.92%;--awb-spacing-left-small:1.92%;\"><div class=\"fusion-column-wrapper fusion-column-has-shadow fusion-flex-justify-content-center fusion-content-layout-column\"><div class=\"fusion-title title fusion-title-1 fusion-sep-none fusion-title-text fusion-title-size-one\" style=\"--awb-text-color:#000000;--awb-margin-top-small:0px;--awb-margin-right-small:0px;--awb-margin-bottom-small:20px;--awb-margin-left-small:0px;\"><h1 class=\"fusion-title-heading title-heading-left\" style=\"margin:0;\">Sofort mehr Kunden als Personal Fitness Trainer oder Microstudio<\/h1><\/div><div class=\"fusion-text fusion-text-1\" style=\"--awb-text-color:#000000;\"><p>Du bist auf der Suche nach Kunden f\u00fcr Dein Personal Training oder Dein Microstudio?<\/p>\n<\/div><\/div><\/div><\/div><\/div><div class=\"fusion-fullwidth fullwidth-box fusion-builder-row-2 fusion-flex-container nonhundred-percent-fullwidth non-hundred-percent-height-scrolling\" style=\"--awb-border-radius-top-left:0px;--awb-border-radius-top-right:0px;--awb-border-radius-bottom-right:0px;--awb-border-radius-bottom-left:0px;--awb-padding-top:5vw;--awb-padding-right:0px;--awb-padding-bottom:5vw;--awb-padding-left:0px;--awb-margin-top:0px;--awb-margin-bottom:0px;--awb-background-color:#ffffff;--awb-flex-wrap:wrap;\" ><div class=\"fusion-builder-row fusion-row fusion-flex-align-items-stretch fusion-flex-content-wrap\" style=\"max-width:1248px;margin-left: calc(-4% \/ 2 );margin-right: calc(-4% \/ 2 );\"><div class=\"fusion-layout-column fusion_builder_column fusion-builder-column-1 fusion_builder_column_1_1 1_1 fusion-flex-column\" style=\"--awb-padding-top:0px;--awb-padding-right:0px;--awb-padding-bottom:0px;--awb-padding-left:0px;--awb-bg-size:cover;--awb-width-large:100%;--awb-margin-top-large:0px;--awb-spacing-right-large:0px;--awb-margin-bottom-large:0px;--awb-spacing-left-large:0px;--awb-width-medium:100%;--awb-order-medium:0;--awb-spacing-right-medium:1.92%;--awb-spacing-left-medium:1.92%;--awb-width-small:100%;--awb-order-small:0;--awb-spacing-right-small:1.92%;--awb-spacing-left-small:1.92%;\"><div class=\"fusion-column-wrapper fusion-column-has-shadow fusion-flex-justify-content-flex-start fusion-content-layout-column\"><div class=\"fusion-text fusion-text-2\"><p>Wir vom BPT e.V. haben f\u00fcr Dich die optimale L\u00f6sung!<\/p>\n<p>Mit unserem Kundenakquise-Experten Dan Samek bieten wir allen Mitgliedern des BPT e.V in Zukunft ein kostenfreies Beratungsgespr\u00e4ch. Dort bekommst Du Antworten auf folgende Fragen:<\/p>\n<\/div><ul style=\"--awb-iconcolor:#a0ce4e;--awb-line-height:30.6px;--awb-icon-width:30.6px;--awb-icon-height:30.6px;--awb-icon-margin:12.6px;--awb-content-margin:43.2px;\" class=\"fusion-checklist fusion-checklist-1 fusion-checklist-default type-icons\"><li class=\"fusion-li-item\" style=\"\"><span class=\"icon-wrapper circle-no\"><i class=\"fusion-li-icon fa-angle-right fas\" aria-hidden=\"true\"><\/i><\/span><div class=\"fusion-li-item-content\">\n<p>Wie baue ich ein erfolgreiches Vermarktungskonzept auf?<\/p>\n<\/div><\/li><li class=\"fusion-li-item\" style=\"\"><span class=\"icon-wrapper circle-no\"><i class=\"fusion-li-icon fa-angle-right fas\" aria-hidden=\"true\"><\/i><\/span><div class=\"fusion-li-item-content\">\n<p>Wie komme ich an Neukunden ran?<\/p>\n<\/div><\/li><li class=\"fusion-li-item\" style=\"\"><span class=\"icon-wrapper circle-no\"><i class=\"fusion-li-icon fa-angle-right fas\" aria-hidden=\"true\"><\/i><\/span><div class=\"fusion-li-item-content\">\n<p>Wie kann ich meine bestehenden Kunden optimal an mich binden?<\/p>\n<\/div><\/li><li class=\"fusion-li-item\" style=\"\"><span class=\"icon-wrapper circle-no\"><i class=\"fusion-li-icon fa-angle-right fas\" aria-hidden=\"true\"><\/i><\/span><div class=\"fusion-li-item-content\">\n<p>Welche M\u00f6glichkeiten der Kundengewinnung ist bei mir sinnvoll?<\/p>\n<\/div><\/li><li class=\"fusion-li-item\" style=\"\"><span class=\"icon-wrapper circle-no\"><i class=\"fusion-li-icon fa-angle-right fas\" aria-hidden=\"true\"><\/i><\/span><div class=\"fusion-li-item-content\">\n<p>Worauf muss ich bei einem Beratungsgespr\u00e4ch achten?<\/p>\n<\/div><\/li><li class=\"fusion-li-item\" style=\"\"><span class=\"icon-wrapper circle-no\"><i class=\"fusion-li-icon fa-angle-right fas\" aria-hidden=\"true\"><\/i><\/span><div class=\"fusion-li-item-content\">\n<p>Wie mache ich Interessenten zu meinen Kunden?<\/p>\n<\/div><\/li><\/ul><div class=\"fusion-text fusion-text-3\" style=\"--awb-margin-top:16px;\"><p>Gemeinsam mit Dir als Personal Trainer oder Microstudio Besitzer erarbeitet Dan Samek eine individuelle Verkaufs-Strategie, die sich auf Deine St\u00e4rken und Individualit\u00e4ten bezieht, um Dich somit optimal im PT Markt zu positionieren.<\/p>\n<p>Kunden zu gewinnen und an das Unternehmen zu binden, sind wichtige Bestandteile des Erfolgs. Durch die gemeinsame Konzeption einer Strategie werden in wichtigen Bereichen sinnvolle und f\u00fcr das Micro-Studio oder den Personal Trainer umsetzbare Wege erarbeitet. Dan Samek coacht Dich und Erarbeitung eines individuelles Vermarktungskonzept, ein funktionierendes Beschwerdemanagements sowie eine optimale Strategie f\u00fcr die Reaktivierung von ehemaligen Kunden.<\/p>\n<p><strong>Informiere Dich als Personal Fitness Trainer oder Microstudio-Besitze was Dich und Dein PT Business nach vorne bringt und nutze als BPT e.V. Mitglied das einmalige Angebot eines kostenfreien 30-min\u00fctigen Beratungsgespr\u00e4ches.<\/strong><\/p>\n<p>Hierbei bekommst Du wertvolle Ans\u00e4tze, wie Du Dich ideal im Bereich Kundenakquise und Kundengewinnung als Personal Trainer aufstellst.<\/p>\n<\/div><\/div><\/div><\/div><\/div><div class=\"fusion-fullwidth fullwidth-box fusion-builder-row-3 fusion-flex-container nonhundred-percent-fullwidth non-hundred-percent-height-scrolling\" style=\"--awb-border-sizes-top:0;--awb-border-sizes-bottom:0;--awb-border-sizes-left:0;--awb-border-sizes-right:0;--awb-border-color:transparent;--awb-border-radius-top-left:0px;--awb-border-radius-top-right:0px;--awb-border-radius-bottom-right:0px;--awb-border-radius-bottom-left:0px;--awb-margin-top:0px;--awb-margin-bottom:0px;--awb-flex-wrap:wrap;\" ><div class=\"fusion-builder-row fusion-row fusion-flex-align-items-flex-start fusion-flex-content-wrap\" style=\"max-width:1248px;margin-left: calc(-4% \/ 2 );margin-right: calc(-4% \/ 2 );\"><div class=\"fusion-layout-column fusion_builder_column fusion-builder-column-2 fusion_builder_column_1_1 1_1 fusion-flex-column\" style=\"--awb-bg-size:cover;--awb-border-color:transparent;--awb-border-top:0;--awb-border-right:0;--awb-border-bottom:0;--awb-border-left:0;--awb-border-style:solid;--awb-width-large:100%;--awb-margin-top-large:0px;--awb-spacing-right-large:1.92%;--awb-margin-bottom-large:0px;--awb-spacing-left-large:1.92%;--awb-width-medium:100%;--awb-order-medium:0;--awb-spacing-right-medium:1.92%;--awb-spacing-left-medium:1.92%;--awb-width-small:100%;--awb-order-small:0;--awb-spacing-right-small:1.92%;--awb-spacing-left-small:1.92%;\"><div class=\"fusion-column-wrapper fusion-column-has-shadow fusion-flex-justify-content-flex-start fusion-content-layout-column\"><div class=\"fusion-section-separator section-separator paper fusion-section-separator-1\" style=\"--awb-spacer-height:100px;--awb-svg-margin-left:1.92%;--awb-svg-margin-right:1.92%;--awb-svg-margin-left-medium:1.92%;--awb-svg-margin-right-medium:1.92%;--awb-svg-margin-left-small:1.92%;--awb-svg-margin-right-small:1.92%;--awb-divider-height:100px;--awb-spacer-padding-top:inherit;--awb-bg-size:100% 100px;--awb-bg-size-medium:100% 100%;--awb-bg-size-small:100% 100%;--awb-margin-top:0px;--awb-margin-right:0px;--awb-margin-bottom:0px;--awb-margin-left:0px;\"><div class=\"fusion-section-separator-svg\"><div class=\"fusion-paper-candy-sep fusion-section-separator-svg-bg\" style=\"background-image:url( data:image\/svg+xml;utf8,%3Csvg%20xmlns%3D%22http%3A%2F%2Fwww.w3.org%2F2000%2Fsvg%22%20version%3D%221.1%22%20width%3D%22100%25%22%20viewBox%3D%220%200%201667%20102%22%20preserveAspectRatio%3D%22none%22%20fill%3D%22rgba%28242%2C242%2C245%2C1%29%22%3E%3Cpath%20d%3D%22M0%20102V18L14%2023H34L43%2028H70L83%2023L88%2018L110%2023L165%2038C169.13%2036.9132%20174.712%2035.4721%20180.5%2034.0232C184.719%2032.9671%20190.047%2035.9301%20194%2035C201.258%2033.2924%20206.255%2028%20208%2028C209.361%2028%20213.031%2030.7641%20215.5%2029.5C216.777%2028.8461%20216.634%2024.4684%20218%2023.652C221.756%2021.407%20227.081%2029.2742%20229.5%2027.5L240.5%2020.625H249.5L256%2017.4737L267%2014L278%2025L280.5%2031.652L287%2029.5L291.5%2035.5L298%2038L304%2035.5L314%2038L325%2037L329.5%2038H336L348%2035.5L354%2028H365L370.5%2020.5L382.5%2020.875L389.5%2017L402%2020.875L409.5%2017L424.5%2018.5L435.5%2017L451%2018.5L463%2017L471.5%2023L478.5%2020.875L487%2024.5L498.5%2025.5L505%2028H510C510.958%2029.5968%20510.605%2033.4726%20512.5%2035.5C514.561%2037.7047%20518.916%2038%20521%2038H530L585%2028L616%2017L632%2010L651.5%2013.5L668.5%2021.7L676.5%2018.1L686%2023.5L694.5%2021.7L705.5%2027.5L717%2026.2L727%2030.6786H733.5L744%2037.5L754%2038L786%2028H814L868%2017L887%2019.1111L898%2023L910%2021.6667L917%2024L927%2022.3333L933%2024L943.5%2020.1957L956.5%2021L964%2017.5217L968%2017L980%2010H1005L1015%2017H1052L1110%2010L1132%200L1141%201.8L1156.5%208L1165.5%206.7L1180.5%2011.625H1188.75L1195.5%2014.6944H1201.5L1209.5%2018L1221%2019.3889L1235%2027L1268%2038L1311%2028L1316%2023L1338%2017L1354%2028L1364%2038L1392%2028.6667L1404.5%2030L1409%2023H1419.5L1427%2017L1437%2020L1445%2028.6667L1456%2023L1470.5%2028.6667L1497.5%2017L1505%2010L1514%2013L1522%2010L1530.5%2012L1536%205L1543.5%208.05L1553%205.40854L1563%2010L1567%200L1584%208.05L1594%206.55L1604.5%202L1614.5%204.75L1631%2011.5L1647.5%208.05L1667%2018V102H0Z%22%20fill%3D%22%23f2f2f5%22%2F%3E%3C%2Fsvg%3E );transform: rotateY(180deg);\"><\/div><\/div><div class=\"fusion-section-separator-spacer\"><div class=\"fusion-section-separator-spacer-height\"><\/div><\/div><\/div><\/div><\/div><\/div><\/div>\n<div class=\"fusion-fullwidth fullwidth-box fusion-builder-row-4 fusion-flex-container nonhundred-percent-fullwidth non-hundred-percent-height-scrolling\" style=\"--awb-border-radius-top-left:0px;--awb-border-radius-top-right:0px;--awb-border-radius-bottom-right:0px;--awb-border-radius-bottom-left:0px;--awb-padding-top:5vw;--awb-padding-right:0px;--awb-padding-bottom:5vw;--awb-padding-left:0px;--awb-margin-top:0px;--awb-margin-bottom:0px;--awb-background-color:#f2f2f5;--awb-flex-wrap:wrap;\" ><div class=\"fusion-builder-row fusion-row fusion-flex-align-items-stretch fusion-flex-content-wrap\" style=\"max-width:1248px;margin-left: calc(-4% \/ 2 );margin-right: calc(-4% \/ 2 );\"><div class=\"fusion-layout-column fusion_builder_column fusion-builder-column-3 fusion_builder_column_1_4 1_4 fusion-flex-column\" style=\"--awb-padding-top:0px;--awb-padding-right:2vw;--awb-padding-bottom:0px;--awb-padding-left:0px;--awb-bg-size:cover;--awb-width-large:25%;--awb-margin-top-large:0px;--awb-spacing-right-large:0px;--awb-margin-bottom-large:0px;--awb-spacing-left-large:0px;--awb-width-medium:100%;--awb-order-medium:0;--awb-spacing-right-medium:1.92%;--awb-spacing-left-medium:1.92%;--awb-width-small:100%;--awb-order-small:0;--awb-spacing-right-small:1.92%;--awb-spacing-left-small:1.92%;\"><div class=\"fusion-column-wrapper fusion-column-has-shadow fusion-flex-justify-content-flex-start fusion-content-layout-column\"><div class=\"fusion-image-element\" style=\"--awb-caption-title-font-family:var(--h2_typography-font-family);--awb-caption-title-font-weight:var(--h2_typography-font-weight);--awb-caption-title-font-style:var(--h2_typography-font-style);--awb-caption-title-size:var(--h2_typography-font-size);--awb-caption-title-transform:var(--h2_typography-text-transform);--awb-caption-title-line-height:var(--h2_typography-line-height);--awb-caption-title-letter-spacing:var(--h2_typography-letter-spacing);\"><span class=\" fusion-imageframe imageframe-none imageframe-1 hover-type-none\"><img decoding=\"async\" width=\"633\" height=\"808\" title=\"dan-samek-bundesverband-pt\" src=\"https:\/\/www.bundesverband-pt.de\/wp-content\/uploads\/2021\/08\/dan-samek-bundesverband-pt.jpg\" data-orig-src=\"https:\/\/www.bundesverband-pt.de\/wp-content\/uploads\/2021\/08\/dan-samek-bundesverband-pt.jpg\" alt class=\"lazyload img-responsive wp-image-1738\" srcset=\"data:image\/svg+xml,%3Csvg%20xmlns%3D%27http%3A%2F%2Fwww.w3.org%2F2000%2Fsvg%27%20width%3D%27633%27%20height%3D%27808%27%20viewBox%3D%270%200%20633%20808%27%3E%3Crect%20width%3D%27633%27%20height%3D%27808%27%20fill-opacity%3D%220%22%2F%3E%3C%2Fsvg%3E\" data-srcset=\"https:\/\/www.bundesverband-pt.de\/wp-content\/uploads\/2021\/08\/dan-samek-bundesverband-pt-200x255.jpg 200w, https:\/\/www.bundesverband-pt.de\/wp-content\/uploads\/2021\/08\/dan-samek-bundesverband-pt-400x511.jpg 400w, https:\/\/www.bundesverband-pt.de\/wp-content\/uploads\/2021\/08\/dan-samek-bundesverband-pt-600x766.jpg 600w, https:\/\/www.bundesverband-pt.de\/wp-content\/uploads\/2021\/08\/dan-samek-bundesverband-pt.jpg 633w\" data-sizes=\"auto\" data-orig-sizes=\"(max-width: 1024px) 100vw, (max-width: 640px) 100vw, 400px\" \/><\/span><\/div><\/div><\/div><div class=\"fusion-layout-column fusion_builder_column fusion-builder-column-4 fusion_builder_column_3_4 3_4 fusion-flex-column\" style=\"--awb-padding-top:0px;--awb-padding-right:0px;--awb-padding-bottom:0px;--awb-padding-left:0px;--awb-bg-size:cover;--awb-width-large:75%;--awb-margin-top-large:0px;--awb-spacing-right-large:0px;--awb-margin-bottom-large:0px;--awb-spacing-left-large:0px;--awb-width-medium:100%;--awb-order-medium:0;--awb-spacing-right-medium:1.92%;--awb-spacing-left-medium:1.92%;--awb-width-small:100%;--awb-order-small:0;--awb-spacing-right-small:1.92%;--awb-spacing-left-small:1.92%;\"><div class=\"fusion-column-wrapper fusion-column-has-shadow fusion-flex-justify-content-flex-start fusion-content-layout-column\"><div class=\"fusion-title title fusion-title-2 fusion-sep-none fusion-title-text fusion-title-size-two\" style=\"--awb-margin-top-small:0px;--awb-margin-right-small:0px;--awb-margin-bottom-small:20px;--awb-margin-left-small:0px;\"><h2 class=\"fusion-title-heading title-heading-left\" style=\"margin:0;\">Dan Samek<\/h2><\/div><div class=\"fusion-text fusion-text-4\"><p>Ist gesch\u00e4ftsf\u00fchrender Gesellschafter der EMS Business Academy und Spezialist im Bereich Verkauf und Marketing im Bereich Personal Training und Microstudio. Seit \u00fcber 20 Jahren arbeitet er in der und f\u00fcr die Fitness Branche und hat in dieser Zeit sowohl nationale als auch internationale Ketten, inhabergef\u00fchrte Clubs, Mikrostudios sowie Personal Trainer betreut. Nach unz\u00e4hligen Neu-Er\u00f6ffnungen und Vortr\u00e4gen ist er ein Spezialist in allen relevanten Bereichen. Seine Expertise liegt in der 1: 1 Betreuung von Studio Inhabern, Studioleitern und Personal Trainern, die er individuell und zielorientiert in sein Coaching betreut. Dan ist Experte im Bereich Verkauf f\u00fcr den BPT e.V.<\/p>\n<p><strong>Notwendige weitere Beratungsleistungen stimmst Du im Anschluss an das kostenfreie Erstgespr\u00e4ch direkt mit Dan ab.<\/strong><\/p>\n<\/div><\/div><\/div><\/div><\/div><div class=\"fusion-fullwidth fullwidth-box fusion-builder-row-5 fusion-flex-container nonhundred-percent-fullwidth non-hundred-percent-height-scrolling\" style=\"--awb-border-radius-top-left:0px;--awb-border-radius-top-right:0px;--awb-border-radius-bottom-right:0px;--awb-border-radius-bottom-left:0px;--awb-margin-top:0px;--awb-margin-bottom:0px;--awb-flex-wrap:wrap;\" ><div class=\"fusion-builder-row fusion-row fusion-flex-align-items-flex-start fusion-flex-content-wrap\" style=\"max-width:1248px;margin-left: calc(-4% \/ 2 );margin-right: calc(-4% \/ 2 );\"><div class=\"fusion-layout-column fusion_builder_column fusion-builder-column-5 fusion_builder_column_1_1 1_1 fusion-flex-column\" style=\"--awb-bg-size:cover;--awb-width-large:100%;--awb-margin-top-large:0px;--awb-spacing-right-large:1.92%;--awb-margin-bottom-large:0px;--awb-spacing-left-large:1.92%;--awb-width-medium:100%;--awb-order-medium:0;--awb-spacing-right-medium:1.92%;--awb-spacing-left-medium:1.92%;--awb-width-small:100%;--awb-order-small:0;--awb-spacing-right-small:1.92%;--awb-spacing-left-small:1.92%;\"><div class=\"fusion-column-wrapper fusion-column-has-shadow fusion-flex-justify-content-flex-start fusion-content-layout-column\"><div class=\"fusion-section-separator section-separator paper fusion-section-separator-2\" style=\"--awb-spacer-height:100px;--awb-svg-margin-left:1.92%;--awb-svg-margin-right:1.92%;--awb-svg-margin-left-medium:1.92%;--awb-svg-margin-right-medium:1.92%;--awb-svg-margin-left-small:1.92%;--awb-svg-margin-right-small:1.92%;--awb-divider-height:100px;--awb-spacer-padding-top:inherit;--awb-bg-size:100% 100px;--awb-bg-size-medium:100% 100%;--awb-bg-size-small:100% 100%;--awb-margin-top:0px;--awb-margin-right:0px;--awb-margin-bottom:0px;--awb-margin-left:0px;\"><div class=\"fusion-section-separator-svg\"><div class=\"fusion-paper-candy-sep fusion-section-separator-svg-bg\" style=\"background-image:url( data:image\/svg+xml;utf8,%3Csvg%20xmlns%3D%22http%3A%2F%2Fwww.w3.org%2F2000%2Fsvg%22%20version%3D%221.1%22%20width%3D%22100%25%22%20viewBox%3D%220%200%201667%20102%22%20preserveAspectRatio%3D%22none%22%20fill%3D%22rgba%28242%2C242%2C245%2C1%29%22%3E%3Cpath%20d%3D%22M0%20102V18L14%2023H34L43%2028H70L83%2023L88%2018L110%2023L165%2038C169.13%2036.9132%20174.712%2035.4721%20180.5%2034.0232C184.719%2032.9671%20190.047%2035.9301%20194%2035C201.258%2033.2924%20206.255%2028%20208%2028C209.361%2028%20213.031%2030.7641%20215.5%2029.5C216.777%2028.8461%20216.634%2024.4684%20218%2023.652C221.756%2021.407%20227.081%2029.2742%20229.5%2027.5L240.5%2020.625H249.5L256%2017.4737L267%2014L278%2025L280.5%2031.652L287%2029.5L291.5%2035.5L298%2038L304%2035.5L314%2038L325%2037L329.5%2038H336L348%2035.5L354%2028H365L370.5%2020.5L382.5%2020.875L389.5%2017L402%2020.875L409.5%2017L424.5%2018.5L435.5%2017L451%2018.5L463%2017L471.5%2023L478.5%2020.875L487%2024.5L498.5%2025.5L505%2028H510C510.958%2029.5968%20510.605%2033.4726%20512.5%2035.5C514.561%2037.7047%20518.916%2038%20521%2038H530L585%2028L616%2017L632%2010L651.5%2013.5L668.5%2021.7L676.5%2018.1L686%2023.5L694.5%2021.7L705.5%2027.5L717%2026.2L727%2030.6786H733.5L744%2037.5L754%2038L786%2028H814L868%2017L887%2019.1111L898%2023L910%2021.6667L917%2024L927%2022.3333L933%2024L943.5%2020.1957L956.5%2021L964%2017.5217L968%2017L980%2010H1005L1015%2017H1052L1110%2010L1132%200L1141%201.8L1156.5%208L1165.5%206.7L1180.5%2011.625H1188.75L1195.5%2014.6944H1201.5L1209.5%2018L1221%2019.3889L1235%2027L1268%2038L1311%2028L1316%2023L1338%2017L1354%2028L1364%2038L1392%2028.6667L1404.5%2030L1409%2023H1419.5L1427%2017L1437%2020L1445%2028.6667L1456%2023L1470.5%2028.6667L1497.5%2017L1505%2010L1514%2013L1522%2010L1530.5%2012L1536%205L1543.5%208.05L1553%205.40854L1563%2010L1567%200L1584%208.05L1594%206.55L1604.5%202L1614.5%204.75L1631%2011.5L1647.5%208.05L1667%2018V102H0Z%22%20fill%3D%22%23f2f2f5%22%2F%3E%3C%2Fsvg%3E );transform: rotateX(180deg);\"><\/div><\/div><div class=\"fusion-section-separator-spacer\"><div class=\"fusion-section-separator-spacer-height\"><\/div><\/div><\/div><\/div><\/div><\/div><\/div>\n<div class=\"fusion-fullwidth fullwidth-box fusion-builder-row-6 fusion-flex-container nonhundred-percent-fullwidth non-hundred-percent-height-scrolling\" style=\"--awb-border-radius-top-left:0px;--awb-border-radius-top-right:0px;--awb-border-radius-bottom-right:0px;--awb-border-radius-bottom-left:0px;--awb-padding-top:5vw;--awb-padding-bottom:5vw;--awb-flex-wrap:wrap;\" ><div class=\"fusion-builder-row fusion-row fusion-flex-align-items-flex-start fusion-flex-content-wrap\" style=\"max-width:1248px;margin-left: calc(-4% \/ 2 );margin-right: calc(-4% \/ 2 );\"><div class=\"fusion-layout-column fusion_builder_column fusion-builder-column-6 fusion_builder_column_1_1 1_1 fusion-flex-column\" style=\"--awb-bg-size:cover;--awb-width-large:100%;--awb-margin-top-large:0px;--awb-spacing-right-large:1.92%;--awb-margin-bottom-large:20px;--awb-spacing-left-large:1.92%;--awb-width-medium:100%;--awb-order-medium:0;--awb-spacing-right-medium:1.92%;--awb-spacing-left-medium:1.92%;--awb-width-small:100%;--awb-order-small:0;--awb-spacing-right-small:1.92%;--awb-spacing-left-small:1.92%;\"><div class=\"fusion-column-wrapper fusion-column-has-shadow fusion-flex-justify-content-flex-start fusion-content-layout-column\"><div class=\"fusion-title title fusion-title-3 fusion-sep-none fusion-title-text fusion-title-size-two\" style=\"--awb-margin-top-small:0px;--awb-margin-right-small:0px;--awb-margin-bottom-small:20px;--awb-margin-left-small:0px;\"><h2 class=\"fusion-title-heading title-heading-left\" style=\"margin:0;\">ANFRAGE F\u00dcR EINE KOSTENLOSE BERATUNG<\/h2><\/div><div class=\"fusion-text fusion-text-5\"><div class=\"wpforms-container wpforms-container-full\" id=\"wpforms-1741\"><form id=\"wpforms-form-1741\" class=\"wpforms-validate wpforms-form\" data-formid=\"1741\" method=\"post\" enctype=\"multipart\/form-data\" action=\"\/en\/wp-json\/wp\/v2\/pages\/1727\" data-token=\"c41af189d1b213161de17c18c7c3aaca\" data-token-time=\"1788235462\"><noscript class=\"wpforms-error-noscript\">Please enable JavaScript in your browser to complete this form.<\/noscript><div class=\"wpforms-field-container\"><div id=\"wpforms-1741-field_13-container\" class=\"wpforms-field wpforms-field-checkbox\" data-field-id=\"13\"><label class=\"wpforms-field-label\">BPT Mitglied <span class=\"wpforms-required-label\">*<\/span><\/label><ul id=\"wpforms-1741-field_13\" class=\"wpforms-field-required\"><li class=\"choice-1 depth-1\"><input type=\"checkbox\" id=\"wpforms-1741-field_13_1\" name=\"wpforms[fields][13][]\" value=\"Ja\" required ><label class=\"wpforms-field-label-inline\" for=\"wpforms-1741-field_13_1\">Ja<\/label><\/li><li class=\"choice-2 depth-1\"><input type=\"checkbox\" id=\"wpforms-1741-field_13_2\" name=\"wpforms[fields][13][]\" value=\"Nein\" required ><label class=\"wpforms-field-label-inline\" for=\"wpforms-1741-field_13_2\">Nein<\/label><\/li><\/ul><\/div><div id=\"wpforms-1741-field_0-container\" class=\"wpforms-field wpforms-field-name\" data-field-id=\"0\"><label class=\"wpforms-field-label\">Name <span class=\"wpforms-required-label\">*<\/span><\/label><div class=\"wpforms-field-row wpforms-field-medium\"><div class=\"wpforms-field-row-block wpforms-first wpforms-one-half\"><input type=\"text\" id=\"wpforms-1741-field_0\" class=\"wpforms-field-name-first wpforms-field-required\" name=\"wpforms[fields][0][first]\" required><label for=\"wpforms-1741-field_0\" class=\"wpforms-field-sublabel after\">First<\/label><\/div><div class=\"wpforms-field-row-block wpforms-one-half\"><input type=\"text\" id=\"wpforms-1741-field_0-last\" class=\"wpforms-field-name-last wpforms-field-required\" name=\"wpforms[fields][0][last]\" required><label for=\"wpforms-1741-field_0-last\" class=\"wpforms-field-sublabel after\">Last<\/label><\/div><\/div><\/div><div id=\"wpforms-1741-field_5-container\" class=\"wpforms-field wpforms-field-number\" data-field-id=\"5\"><label class=\"wpforms-field-label\" for=\"wpforms-1741-field_5\">PLZ<\/label><input type=\"number\" id=\"wpforms-1741-field_5\" class=\"wpforms-field-medium\" name=\"wpforms[fields][5]\" step=\"any\" ><\/div><div id=\"wpforms-1741-field_6-container\" class=\"wpforms-field wpforms-field-text\" data-field-id=\"6\"><label class=\"wpforms-field-label\" for=\"wpforms-1741-field_6\">Ort<\/label><input type=\"text\" id=\"wpforms-1741-field_6\" class=\"wpforms-field-medium\" name=\"wpforms[fields][6]\" ><\/div><div id=\"wpforms-1741-field_7-container\" class=\"wpforms-field wpforms-field-text\" data-field-id=\"7\"><label class=\"wpforms-field-label\" for=\"wpforms-1741-field_7\">Telefonnummer (Festnetz)<\/label><input type=\"text\" id=\"wpforms-1741-field_7\" class=\"wpforms-field-medium\" name=\"wpforms[fields][7]\" ><\/div><div id=\"wpforms-1741-field_8-container\" class=\"wpforms-field wpforms-field-text\" data-field-id=\"8\"><label class=\"wpforms-field-label\" for=\"wpforms-1741-field_8\">Telefonnummer (Handy)<\/label><input type=\"text\" id=\"wpforms-1741-field_8\" class=\"wpforms-field-medium\" name=\"wpforms[fields][8]\" ><\/div><div id=\"wpforms-1741-field_1-container\" class=\"wpforms-field wpforms-field-email\" data-field-id=\"1\"><label class=\"wpforms-field-label\" for=\"wpforms-1741-field_1\">E-Mail <span class=\"wpforms-required-label\">*<\/span><\/label><input type=\"email\" id=\"wpforms-1741-field_1\" class=\"wpforms-field-medium wpforms-field-required\" name=\"wpforms[fields][1]\" spellcheck=\"false\" required><\/div><div id=\"wpforms-1741-field_9-container\" class=\"wpforms-field wpforms-field-text\" data-field-id=\"9\"><label class=\"wpforms-field-label\" for=\"wpforms-1741-field_9\">Internetseite<\/label><input type=\"text\" id=\"wpforms-1741-field_9\" class=\"wpforms-field-medium\" name=\"wpforms[fields][9]\" ><\/div><\/div><!-- .wpforms-field-container --><div class=\"wpforms-field wpforms-field-hp\"><label for=\"wpforms-1741-field-hp\" class=\"wpforms-field-label\">Phone<\/label><input type=\"text\" name=\"wpforms[hp]\" id=\"wpforms-1741-field-hp\" class=\"wpforms-field-medium\"><\/div><div class=\"wpforms-submit-container\" ><input type=\"hidden\" name=\"wpforms[id]\" value=\"1741\"><input type=\"hidden\" name=\"page_title\" value=\"\"><input type=\"hidden\" name=\"page_url\" value=\"https:\/\/www.bundesverband-pt.de\/en\/wp-json\/wp\/v2\/pages\/1727\"><input type=\"hidden\" name=\"url_referer\" value=\"\"><button type=\"submit\" name=\"wpforms[submit]\" id=\"wpforms-submit-1741\" class=\"wpforms-submit\" data-alt-text=\"Senden...\" data-submit-text=\"Anfrage absenden\" aria-live=\"assertive\" value=\"wpforms-submit\">Anfrage absenden<\/button><\/div><\/form><\/div>  <!-- .wpforms-container -->\n<\/div><\/div><\/div><\/div><\/div><div class=\"fusion-fullwidth fullwidth-box fusion-builder-row-7 fusion-flex-container nonhundred-percent-fullwidth non-hundred-percent-height-scrolling\" style=\"--awb-border-color:#dcdcdc;--awb-border-radius-top-left:0px;--awb-border-radius-top-right:0px;--awb-border-radius-bottom-right:0px;--awb-border-radius-bottom-left:0px;--awb-padding-top:3vw;--awb-padding-bottom:3vw;--awb-flex-wrap:wrap;\" ><div class=\"fusion-builder-row fusion-row fusion-flex-align-items-stretch fusion-flex-content-wrap\" style=\"max-width:calc( 1200px + 30px );margin-left: calc(-30px \/ 2 );margin-right: calc(-30px \/ 2 );\"><div class=\"fusion-layout-column fusion_builder_column fusion-builder-column-7 fusion_builder_column_1_3 1_3 fusion-flex-column\" style=\"--awb-padding-top:2vw;--awb-padding-right:2vw;--awb-padding-bottom:2vw;--awb-padding-left:2vw;--awb-overflow:hidden;--awb-bg-size:cover;--awb-border-color:#dcdcdc;--awb-border-top:1px;--awb-border-right:1px;--awb-border-bottom:1px;--awb-border-left:1px;--awb-border-style:solid;--awb-border-radius:4px 4px 4px 4px;--awb-width-large:33.333333333333%;--awb-margin-top-large:0px;--awb-spacing-right-large:15px;--awb-margin-bottom-large:20px;--awb-spacing-left-large:15px;--awb-width-medium:100%;--awb-order-medium:0;--awb-spacing-right-medium:15px;--awb-spacing-left-medium:15px;--awb-width-small:100%;--awb-order-small:0;--awb-spacing-right-small:15px;--awb-spacing-left-small:15px;\"><div class=\"fusion-column-wrapper fusion-column-has-shadow fusion-flex-justify-content-flex-start fusion-content-layout-column\"><a class=\"fb-icon-element-1 fb-icon-element fontawesome-icon fa-user-plus fas circle-no fusion-link\" style=\"--awb-iconcolor:#a0ce4e;--awb-iconcolor-hover:#1b1b1b;--awb-font-size:48px;--awb-margin-top:0;--awb-margin-right:24px;--awb-margin-bottom:0;--awb-margin-left:0;--awb-align-self:flex-start;\" href=\"\/mitgliederversammlung\/\" target=\"_self\" aria-label=\"Link to \/mitgliederversammlung\/\"><\/a><div class=\"fusion-separator fusion-full-width-sep\" style=\"align-self: center;margin-left: auto;margin-right: auto;margin-top:24px;width:100%;\"><\/div><div class=\"fusion-title title fusion-title-4 fusion-sep-none fusion-title-text fusion-title-size-three\" style=\"--awb-margin-top-small:0px;--awb-margin-right-small:0px;--awb-margin-bottom-small:20px;--awb-margin-left-small:0px;\"><h3 class=\"fusion-title-heading title-heading-left\" style=\"margin:0;\">Mitglied werden<\/h3><\/div><div class=\"fusion-text fusion-text-6\"><p>Deine Vorteile: juristische und betriebswirtschaftliche Beratung, fachlichen Austausch mit anderen Trainern.<\/p>\n<\/div><div ><a class=\"fusion-button button-flat fusion-button-default-size button-custom fusion-button-default button-1 fusion-button-default-span fusion-button-default-type\" style=\"--button_accent_color:#a0ce4e;--button_border_color:#a0ce4e;--button_accent_hover_color:#a0ce4e;--button_border_hover_color:#a0ce4e;--button_gradient_top_color:#ffffff;--button_gradient_bottom_color:#ffffff;--button_gradient_top_color_hover:#ffffff;--button_gradient_bottom_color_hover:#ffffff;\" target=\"_self\" href=\"\/mitgliedsantrag-bundesverband-personal-training-e-v\/\"><span class=\"fusion-button-text awb-button__text awb-button__text--default\">Jetzt Mitglied werden<\/span><i class=\"fa-external-link-alt fas awb-button__icon awb-button__icon--default button-icon-right\" aria-hidden=\"true\"><\/i><\/a><\/div><\/div><\/div><div class=\"fusion-layout-column fusion_builder_column fusion-builder-column-8 fusion_builder_column_1_3 1_3 fusion-flex-column\" style=\"--awb-padding-top:2vw;--awb-padding-right:2vw;--awb-padding-bottom:2vw;--awb-padding-left:2vw;--awb-overflow:hidden;--awb-bg-size:cover;--awb-border-color:#dcdcdc;--awb-border-top:1px;--awb-border-right:1px;--awb-border-bottom:1px;--awb-border-left:1px;--awb-border-style:solid;--awb-border-radius:4px 4px 4px 4px;--awb-width-large:33.333333333333%;--awb-margin-top-large:0px;--awb-spacing-right-large:15px;--awb-margin-bottom-large:20px;--awb-spacing-left-large:15px;--awb-width-medium:100%;--awb-order-medium:0;--awb-spacing-right-medium:15px;--awb-spacing-left-medium:15px;--awb-width-small:100%;--awb-order-small:0;--awb-spacing-right-small:15px;--awb-spacing-left-small:15px;\"><div class=\"fusion-column-wrapper fusion-column-has-shadow fusion-flex-justify-content-flex-start fusion-content-layout-column\"><a class=\"fb-icon-element-2 fb-icon-element fontawesome-icon fa-rss fas circle-no fusion-link\" style=\"--awb-iconcolor:#a0ce4e;--awb-iconcolor-hover:#1b1b1b;--awb-font-size:48px;--awb-margin-top:0;--awb-margin-right:24px;--awb-margin-bottom:0;--awb-margin-left:0;--awb-align-self:flex-start;\" href=\"\/mitgliederversammlung\/\" target=\"_self\" aria-label=\"Link to \/mitgliederversammlung\/\"><\/a><div class=\"fusion-separator fusion-full-width-sep\" style=\"align-self: center;margin-left: auto;margin-right: auto;margin-top:24px;width:100%;\"><\/div>\n<div class=\"fusion-title title fusion-title-5 fusion-sep-none fusion-title-text fusion-title-size-three\" style=\"--awb-margin-top-small:0px;--awb-margin-right-small:0px;--awb-margin-bottom-small:20px;--awb-margin-left-small:0px;\"><h3 class=\"fusion-title-heading title-heading-left\" style=\"margin:0;\">Aktuelles<\/h3><\/div><div class=\"fusion-text fusion-text-7\"><p>Du willst ein Forum zum Diskutieren?<\/p>\n<\/div><div ><a class=\"fusion-button button-flat fusion-button-default-size button-custom fusion-button-default button-2 fusion-button-default-span fusion-button-default-type\" style=\"--button_accent_color:#a0ce4e;--button_border_color:#a0ce4e;--button_accent_hover_color:#a0ce4e;--button_border_hover_color:#a0ce4e;--button_gradient_top_color:#ffffff;--button_gradient_bottom_color:#ffffff;--button_gradient_top_color_hover:#ffffff;--button_gradient_bottom_color_hover:#ffffff;\" target=\"_blank\" rel=\"noopener noreferrer\" href=\"https:\/\/www.facebook.com\/groups\/bundesverbandpt\/\"><span class=\"fusion-button-text awb-button__text awb-button__text--default\">Direkt zum Forum<\/span><i class=\"fa-external-link-alt fas awb-button__icon awb-button__icon--default button-icon-right\" aria-hidden=\"true\"><\/i><\/a><\/div><\/div><\/div><div class=\"fusion-layout-column fusion_builder_column fusion-builder-column-9 fusion_builder_column_1_3 1_3 fusion-flex-column\" style=\"--awb-padding-top:2vw;--awb-padding-right:2vw;--awb-padding-bottom:2vw;--awb-padding-left:2vw;--awb-overflow:hidden;--awb-bg-size:cover;--awb-border-color:#dcdcdc;--awb-border-top:1px;--awb-border-right:1px;--awb-border-bottom:1px;--awb-border-left:1px;--awb-border-style:solid;--awb-border-radius:4px 4px 4px 4px;--awb-width-large:33.333333333333%;--awb-margin-top-large:0px;--awb-spacing-right-large:15px;--awb-margin-bottom-large:20px;--awb-spacing-left-large:15px;--awb-width-medium:100%;--awb-order-medium:0;--awb-spacing-right-medium:15px;--awb-spacing-left-medium:15px;--awb-width-small:100%;--awb-order-small:0;--awb-spacing-right-small:15px;--awb-spacing-left-small:15px;\"><div class=\"fusion-column-wrapper fusion-column-has-shadow fusion-flex-justify-content-flex-start fusion-content-layout-column\"><a class=\"fb-icon-element-3 fb-icon-element fontawesome-icon fa-gavel fas circle-no fusion-link\" style=\"--awb-iconcolor:#a0ce4e;--awb-iconcolor-hover:#1b1b1b;--awb-font-size:48px;--awb-margin-top:0;--awb-margin-right:24px;--awb-margin-bottom:0;--awb-margin-left:0;--awb-align-self:flex-start;\" href=\"\/mitgliederversammlung\/\" target=\"_self\" aria-label=\"Link to \/mitgliederversammlung\/\"><\/a><div class=\"fusion-separator fusion-full-width-sep\" style=\"align-self: center;margin-left: auto;margin-right: auto;margin-top:24px;width:100%;\"><\/div>\n<div class=\"fusion-title title fusion-title-6 fusion-sep-none fusion-title-text fusion-title-size-three\" style=\"--awb-margin-top-small:0px;--awb-margin-right-small:0px;--awb-margin-bottom-small:20px;--awb-margin-left-small:0px;\"><h3 class=\"fusion-title-heading title-heading-left\" style=\"margin:0;\">Rechtsberatung<\/h3><\/div><div class=\"fusion-text fusion-text-8\"><p>Mitglieder des BPT e.V.\u00a0 k\u00f6nnen eine kostenlose Rechtshotline in Anspruch nehmen.<\/p>\n<\/div><div ><a class=\"fusion-button button-flat fusion-button-default-size button-custom fusion-button-default button-3 fusion-button-default-span fusion-button-default-type\" style=\"--button_accent_color:#a0ce4e;--button_border_color:#a0ce4e;--button_accent_hover_color:#a0ce4e;--button_border_hover_color:#a0ce4e;--button_gradient_top_color:#ffffff;--button_gradient_bottom_color:#ffffff;--button_gradient_top_color_hover:#ffffff;--button_gradient_bottom_color_hover:#ffffff;\" target=\"_self\" href=\"\/qualitaetssicherung\/rechtsberatung-fuer-personal-trainer-innen\/\"><span class=\"fusion-button-text awb-button__text awb-button__text--default\">Rechtsberatung anfordern<\/span><i class=\"fa-external-link-alt fas awb-button__icon awb-button__icon--default button-icon-right\" aria-hidden=\"true\"><\/i><\/a><\/div><\/div><\/div><\/div><\/div>\n<div class=\"fusion-fullwidth fullwidth-box fusion-builder-row-8 fusion-flex-container nonhundred-percent-fullwidth non-hundred-percent-height-scrolling\" style=\"--awb-border-sizes-top:1px;--awb-border-color:#dcdcdc;--awb-border-radius-top-left:0px;--awb-border-radius-top-right:0px;--awb-border-radius-bottom-right:0px;--awb-border-radius-bottom-left:0px;--awb-padding-top:3vw;--awb-padding-right:0px;--awb-padding-bottom:3vw;--awb-padding-left:0px;--awb-padding-right-small:3vw;--awb-padding-left-small:3vw;--awb-flex-wrap:wrap;\" ><div class=\"fusion-builder-row fusion-row fusion-flex-align-items-flex-start fusion-flex-content-wrap\" style=\"max-width:1248px;margin-left: calc(-4% \/ 2 );margin-right: calc(-4% \/ 2 );\"><div class=\"fusion-layout-column fusion_builder_column fusion-builder-column-10 fusion_builder_column_2_5 2_5 fusion-flex-column\" style=\"--awb-bg-size:cover;--awb-width-large:40%;--awb-margin-top-large:0px;--awb-spacing-right-large:4.8%;--awb-margin-bottom-large:20px;--awb-spacing-left-large:4.8%;--awb-width-medium:100%;--awb-order-medium:0;--awb-spacing-right-medium:1.92%;--awb-spacing-left-medium:1.92%;--awb-width-small:100%;--awb-order-small:0;--awb-spacing-right-small:1.92%;--awb-spacing-left-small:1.92%;\"><div class=\"fusion-column-wrapper fusion-column-has-shadow fusion-flex-justify-content-flex-start fusion-content-layout-column\"><div class=\"fusion-title title fusion-title-7 fusion-sep-none fusion-title-text fusion-title-size-two\" style=\"--awb-text-color:#a0ce4e;--awb-margin-top-small:0px;--awb-margin-right-small:0px;--awb-margin-bottom-small:20px;--awb-margin-left-small:0px;--awb-font-size:34px;\"><h2 class=\"fusion-title-heading title-heading-left\" style=\"margin:0;font-size:1em;\">Gemeinsam stark: Der Bundesverband Personal Training.<\/h2><\/div><div class=\"fusion-social-links fusion-social-links-1\" style=\"--awb-margin-top:0px;--awb-margin-right:0px;--awb-margin-bottom:0px;--awb-margin-left:0px;--awb-box-border-top:0px;--awb-box-border-right:0px;--awb-box-border-bottom:0px;--awb-box-border-left:0px;--awb-icon-colors-hover:rgba(190,189,189,0.8);--awb-box-colors-hover:rgba(232,232,232,0.8);--awb-box-border-color:var(--awb-color3);--awb-box-border-color-hover:var(--awb-color4);\"><div class=\"fusion-social-networks color-type-custom\"><div class=\"fusion-social-networks-wrapper\"><a class=\"fusion-social-network-icon fusion-tooltip fusion-facebook awb-icon-facebook\" style=\"color:#a0ce4e;font-size:34px;\" data-placement=\"top\" data-title=\"Facebook\" data-toggle=\"tooltip\" title=\"Facebook\" aria-label=\"facebook\" target=\"_blank\" rel=\"noopener noreferrer\" href=\"https:\/\/www.facebook.com\/groups\/bundesverbandpt\/\"><\/a><\/div><\/div><\/div><\/div><\/div><div class=\"fusion-layout-column fusion_builder_column fusion-builder-column-11 fusion_builder_column_1_5 1_5 fusion-flex-column\" style=\"--awb-bg-size:cover;--awb-width-large:20%;--awb-margin-top-large:0px;--awb-spacing-right-large:9.6%;--awb-margin-bottom-large:20px;--awb-spacing-left-large:9.6%;--awb-width-medium:100%;--awb-order-medium:0;--awb-spacing-right-medium:1.92%;--awb-spacing-left-medium:1.92%;--awb-width-small:100%;--awb-order-small:0;--awb-spacing-right-small:1.92%;--awb-spacing-left-small:1.92%;\"><div class=\"fusion-column-wrapper fusion-column-has-shadow fusion-flex-justify-content-flex-start fusion-content-layout-column\"><div class=\"fusion-title title fusion-title-8 fusion-sep-none fusion-title-text fusion-title-size-three\" style=\"--awb-margin-top-small:0px;--awb-margin-right-small:0px;--awb-margin-bottom-small:20px;--awb-margin-left-small:0px;--awb-font-size:16px;\"><h3 class=\"fusion-title-heading title-heading-left\" style=\"margin:0;font-size:1em;\">Online Sprechstunde<\/h3><\/div><div class=\"fusion-text fusion-text-9\" style=\"--awb-font-size:14px;\"><p>Regelm\u00e4\u00dfige kostenfreie Angebote f\u00fcr alle Mitglieder des BPT e.V. \u00fcber Online Sprechstunden mit Experten zu wichtigen Themen f\u00fcr Personal Fitness Trainer und Microstudiobesitzer.<\/p>\n<\/div><div ><a class=\"fusion-button button-flat fusion-button-default-size button-custom fusion-button-default button-4 fusion-button-default-span fusion-button-default-type\" style=\"--button_accent_color:#a0ce4e;--button_border_color:#a0ce4e;--button_accent_hover_color:#a0ce4e;--button_border_hover_color:#a0ce4e;--button_gradient_top_color:#ffffff;--button_gradient_bottom_color:#ffffff;--button_gradient_top_color_hover:#ffffff;--button_gradient_bottom_color_hover:#ffffff;\" target=\"_self\" href=\"\/qualitaetssicherung\/online-sprechstunde\/\"><span class=\"fusion-button-text awb-button__text awb-button__text--default\">Zur \u00dcbersicht<\/span><i class=\"fa-external-link-alt fas awb-button__icon awb-button__icon--default button-icon-right\" aria-hidden=\"true\"><\/i><\/a><\/div><\/div><\/div><div class=\"fusion-layout-column fusion_builder_column fusion-builder-column-12 fusion_builder_column_1_5 1_5 fusion-flex-column\" style=\"--awb-bg-size:cover;--awb-width-large:20%;--awb-margin-top-large:0px;--awb-spacing-right-large:9.6%;--awb-margin-bottom-large:20px;--awb-spacing-left-large:9.6%;--awb-width-medium:100%;--awb-order-medium:0;--awb-spacing-right-medium:1.92%;--awb-spacing-left-medium:1.92%;--awb-width-small:100%;--awb-order-small:0;--awb-spacing-right-small:1.92%;--awb-spacing-left-small:1.92%;\"><div class=\"fusion-column-wrapper fusion-column-has-shadow fusion-flex-justify-content-flex-start fusion-content-layout-column\"><div class=\"fusion-title title fusion-title-9 fusion-sep-none fusion-title-text fusion-title-size-three\" style=\"--awb-margin-top-small:0px;--awb-margin-right-small:0px;--awb-margin-bottom-small:20px;--awb-margin-left-small:0px;--awb-font-size:16px;\"><h3 class=\"fusion-title-heading title-heading-left\" style=\"margin:0;font-size:1em;\">Mitglied werden<\/h3><\/div><div class=\"fusion-text fusion-text-10\" style=\"--awb-font-size:14px;\"><p>Wir beraten Dich gerne immer von Montag bis Freitag zwischen 09.00 \u2013 15.00 Uhr<\/p>\n<\/div><ul style=\"--awb-size:14px;--awb-iconcolor:#a0ce4e;--awb-line-height:23.8px;--awb-icon-width:23.8px;--awb-icon-height:23.8px;--awb-icon-margin:9.8px;--awb-content-margin:33.6px;\" class=\"fusion-checklist fusion-checklist-2 fusion-checklist-default type-icons\"><li class=\"fusion-li-item\" style=\"\"><span class=\"icon-wrapper circle-no\"><i class=\"fusion-li-icon fa-phone-alt fas\" aria-hidden=\"true\"><\/i><\/span><div class=\"fusion-li-item-content\">\n<p><a href=\"tel:+494023856955\">+49 40 238 569 55<\/a><\/p>\n<\/div><\/li><li class=\"fusion-li-item\" style=\"\"><span class=\"icon-wrapper circle-no\"><i class=\"fusion-li-icon fa-mobile-alt fas\" aria-hidden=\"true\"><\/i><\/span><div class=\"fusion-li-item-content\">\n<p><a href=\"tel:+4917657915489\">+49 176 579 154 89<\/a><\/p>\n<\/div><\/li><li class=\"fusion-li-item\" style=\"\"><span class=\"icon-wrapper circle-no\"><i class=\"fusion-li-icon fa-envelope fas\" aria-hidden=\"true\"><\/i><\/span><div class=\"fusion-li-item-content\">\n<p><a href=\"mailto:info@bundesverband-pt.de\">info(at)bundesverband-pt.de<\/a><\/p>\n<\/div><\/li><\/ul><div ><a class=\"fusion-button button-flat fusion-button-default-size button-custom fusion-button-default button-5 fusion-button-default-span fusion-button-default-type\" style=\"--button_accent_color:#a0ce4e;--button_border_color:#a0ce4e;--button_accent_hover_color:#a0ce4e;--button_border_hover_color:#a0ce4e;--button_gradient_top_color:#ffffff;--button_gradient_bottom_color:#ffffff;--button_gradient_top_color_hover:#ffffff;--button_gradient_bottom_color_hover:#ffffff;\" target=\"_self\" href=\"\/mitgliedsantrag-bundesverband-personal-training-e-v\/\"><span class=\"fusion-button-text awb-button__text awb-button__text--default\">Mitglied werden<\/span><i class=\"fa-external-link-alt fas awb-button__icon awb-button__icon--default button-icon-right\" aria-hidden=\"true\"><\/i><\/a><\/div><\/div><\/div><div class=\"fusion-layout-column fusion_builder_column fusion-builder-column-13 fusion_builder_column_1_5 1_5 fusion-flex-column\" style=\"--awb-bg-size:cover;--awb-width-large:20%;--awb-margin-top-large:0px;--awb-spacing-right-large:9.6%;--awb-margin-bottom-large:20px;--awb-spacing-left-large:9.6%;--awb-width-medium:100%;--awb-order-medium:0;--awb-spacing-right-medium:1.92%;--awb-spacing-left-medium:1.92%;--awb-width-small:100%;--awb-order-small:0;--awb-spacing-right-small:1.92%;--awb-spacing-left-small:1.92%;\"><div class=\"fusion-column-wrapper fusion-column-has-shadow fusion-flex-justify-content-flex-start fusion-content-layout-column\"><div class=\"fusion-title title fusion-title-10 fusion-sep-none fusion-title-text fusion-title-size-three\" style=\"--awb-margin-top-small:0px;--awb-margin-right-small:0px;--awb-margin-bottom-small:20px;--awb-margin-left-small:0px;--awb-font-size:16px;\"><h3 class=\"fusion-title-heading title-heading-left\" style=\"margin:0;font-size:1em;\">Kontakt &amp; Rechtliches<\/h3><\/div><ul style=\"--awb-size:14px;--awb-iconcolor:#a0ce4e;--awb-line-height:23.8px;--awb-icon-width:23.8px;--awb-icon-height:23.8px;--awb-icon-margin:9.8px;--awb-content-margin:33.6px;\" class=\"fusion-checklist fusion-checklist-3 fusion-checklist-default type-icons\"><li class=\"fusion-li-item\" style=\"\"><span class=\"icon-wrapper circle-no\"><i class=\"fusion-li-icon fa-angle-right fas\" aria-hidden=\"true\"><\/i><\/span><div class=\"fusion-li-item-content\">\n<p><a href=\"\/impressum\/\">Impressum<\/a><\/p>\n<\/div><\/li><li class=\"fusion-li-item\" style=\"\"><span class=\"icon-wrapper circle-no\"><i class=\"fusion-li-icon fa-angle-right fas\" aria-hidden=\"true\"><\/i><\/span><div class=\"fusion-li-item-content\">\n<p><a href=\"\/datenschutz\/\">Datenschutz<\/a><\/p>\n<\/div><\/li><li class=\"fusion-li-item\" style=\"\"><span class=\"icon-wrapper circle-no\"><i class=\"fusion-li-icon fa-angle-right fas\" aria-hidden=\"true\"><\/i><\/span><div class=\"fusion-li-item-content\">\n<p><a href=\"\/kontakt\/\">Kontakt<\/a><\/p>\n<\/div><\/li><\/ul><\/div><\/div><\/div><\/div>\n<\/p>\n","protected":false},"excerpt":{"rendered":"","protected":false},"author":1,"featured_media":0,"parent":84,"menu_order":0,"comment_status":"closed","ping_status":"closed","template":"100-width.php","meta":{"om_disable_all_campaigns":false,"_monsterinsights_skip_tracking":false,"footnotes":""},"class_list":["post-1727","page","type-page","status-publish","hentry"],"aioseo_notices":[],"aioseo_head":"\n\t\t<!-- All in One SEO 5.0.1 - aioseo.com -->\n\t<meta name=\"description\" content=\"Sofort mehr Kunden als Personal Fitness Trainer oder MicrostudioDu bist auf der Suche nach Kunden f\u00fcr Dein Personal Training oder Dein Microstudio? Wir vom BPT e.V. haben f\u00fcr Dich die optimale L\u00f6sung! Mit unserem Kundenakquise-Experten Dan Samek bieten wir allen Mitgliedern des BPT e.V in Zukunft ein kostenfreies Beratungsgespr\u00e4ch. Dort bekommst Du Antworten auf folgende\" \/>\n\t<meta name=\"robots\" content=\"max-image-preview:large\" \/>\n\t<link rel=\"canonical\" href=\"https:\/\/www.bundesverband-pt.de\/en\/qualitaetssicherung\/sofort-mehr-kunden-als-personal-fitness-trainer-oder-microstudio\/\" \/>\n\t<meta name=\"generator\" content=\"All in One SEO (AIOSEO) 5.0.1\" \/>\n\t\t<meta property=\"og:locale\" content=\"en_GB\" \/>\n\t\t<meta property=\"og:site_name\" content=\"Bundesverband Personal Training - Personal Fitness Trainer\/in\" \/>\n\t\t<meta property=\"og:type\" content=\"article\" \/>\n\t\t<meta property=\"og:title\" content=\"Sofort mehr Kunden als Personal Fitness Trainer oder Microstudio - Bundesverband Personal Training\" \/>\n\t\t<meta property=\"og:description\" content=\"Sofort mehr Kunden als Personal Fitness Trainer oder MicrostudioDu bist auf der Suche nach Kunden f\u00fcr Dein Personal Training oder Dein Microstudio? Wir vom BPT e.V. haben f\u00fcr Dich die optimale L\u00f6sung! Mit unserem Kundenakquise-Experten Dan Samek bieten wir allen Mitgliedern des BPT e.V in Zukunft ein kostenfreies Beratungsgespr\u00e4ch. Dort bekommst Du Antworten auf folgende\" \/>\n\t\t<meta property=\"og:url\" content=\"https:\/\/www.bundesverband-pt.de\/en\/qualitaetssicherung\/sofort-mehr-kunden-als-personal-fitness-trainer-oder-microstudio\/\" \/>\n\t\t<meta property=\"og:image\" content=\"https:\/\/www.bundesverband-pt.de\/wp-content\/uploads\/2023\/08\/bundesverband-pt-sticky-logo@1x.png\" \/>\n\t\t<meta property=\"og:image:secure_url\" content=\"https:\/\/www.bundesverband-pt.de\/wp-content\/uploads\/2023\/08\/bundesverband-pt-sticky-logo@1x.png\" \/>\n\t\t<meta property=\"og:image:width\" content=\"76\" \/>\n\t\t<meta property=\"og:image:height\" content=\"40\" \/>\n\t\t<meta property=\"article:published_time\" content=\"2021-08-27T06:20:13+00:00\" \/>\n\t\t<meta property=\"article:modified_time\" content=\"2024-06-05T11:15:01+00:00\" \/>\n\t\t<meta property=\"article:publisher\" content=\"https:\/\/www.facebook.com\/groups\/bundesverbandpt\/\" \/>\n\t\t<meta name=\"twitter:card\" content=\"summary_large_image\" \/>\n\t\t<meta name=\"twitter:title\" content=\"Sofort mehr Kunden als Personal Fitness Trainer oder Microstudio - Bundesverband Personal Training\" \/>\n\t\t<meta name=\"twitter:description\" content=\"Sofort mehr Kunden als Personal Fitness Trainer oder MicrostudioDu bist auf der Suche nach Kunden f\u00fcr Dein Personal Training oder Dein Microstudio? Wir vom BPT e.V. haben f\u00fcr Dich die optimale L\u00f6sung! Mit unserem Kundenakquise-Experten Dan Samek bieten wir allen Mitgliedern des BPT e.V in Zukunft ein kostenfreies Beratungsgespr\u00e4ch. Dort bekommst Du Antworten auf folgende\" \/>\n\t\t<meta name=\"twitter:image\" content=\"https:\/\/www.bundesverband-pt.de\/wp-content\/uploads\/2023\/08\/bundesverband-pt-sticky-logo@1x.png\" \/>\n\t\t<script type=\"application\/ld+json\" class=\"aioseo-schema\">\n\t\t\t{\"@context\":\"https:\\\/\\\/schema.org\",\"@graph\":[{\"@type\":\"BreadcrumbList\",\"@id\":\"https:\\\/\\\/www.bundesverband-pt.de\\\/en\\\/qualitaetssicherung\\\/sofort-mehr-kunden-als-personal-fitness-trainer-oder-microstudio\\\/#breadcrumblist\",\"itemListElement\":[{\"@type\":\"ListItem\",\"@id\":\"https:\\\/\\\/www.bundesverband-pt.de\\\/en#listItem\",\"position\":1,\"name\":\"Zu Hause\",\"item\":\"https:\\\/\\\/www.bundesverband-pt.de\\\/en\",\"nextItem\":{\"@type\":\"ListItem\",\"@id\":\"https:\\\/\\\/www.bundesverband-pt.de\\\/en\\\/qualitaetssicherung\\\/#listItem\",\"name\":\"Qualit\\u00e4tssicherung\"}},{\"@type\":\"ListItem\",\"@id\":\"https:\\\/\\\/www.bundesverband-pt.de\\\/en\\\/qualitaetssicherung\\\/#listItem\",\"position\":2,\"name\":\"Qualit\\u00e4tssicherung\",\"item\":\"https:\\\/\\\/www.bundesverband-pt.de\\\/en\\\/qualitaetssicherung\\\/\",\"nextItem\":{\"@type\":\"ListItem\",\"@id\":\"https:\\\/\\\/www.bundesverband-pt.de\\\/en\\\/qualitaetssicherung\\\/sofort-mehr-kunden-als-personal-fitness-trainer-oder-microstudio\\\/#listItem\",\"name\":\"Sofort mehr Kunden als Personal Fitness Trainer oder Microstudio\"},\"previousItem\":{\"@type\":\"ListItem\",\"@id\":\"https:\\\/\\\/www.bundesverband-pt.de\\\/en#listItem\",\"name\":\"Zu Hause\"}},{\"@type\":\"ListItem\",\"@id\":\"https:\\\/\\\/www.bundesverband-pt.de\\\/en\\\/qualitaetssicherung\\\/sofort-mehr-kunden-als-personal-fitness-trainer-oder-microstudio\\\/#listItem\",\"position\":3,\"name\":\"Sofort mehr Kunden als Personal Fitness Trainer oder Microstudio\",\"previousItem\":{\"@type\":\"ListItem\",\"@id\":\"https:\\\/\\\/www.bundesverband-pt.de\\\/en\\\/qualitaetssicherung\\\/#listItem\",\"name\":\"Qualit\\u00e4tssicherung\"}}]},{\"@type\":\"Organization\",\"@id\":\"https:\\\/\\\/www.bundesverband-pt.de\\\/en\\\/#organization\",\"name\":\"Bundesverband Personal Training\",\"description\":\"Personal Fitness Trainer\\\/in\",\"url\":\"https:\\\/\\\/www.bundesverband-pt.de\\\/en\\\/\",\"telephone\":\"+494023856955\",\"logo\":{\"@type\":\"ImageObject\",\"url\":\"https:\\\/\\\/www.bundesverband-pt.de\\\/wp-content\\\/uploads\\\/2023\\\/08\\\/bundesverband-pt-sticky-logo@1x.png\",\"@id\":\"https:\\\/\\\/www.bundesverband-pt.de\\\/en\\\/qualitaetssicherung\\\/sofort-mehr-kunden-als-personal-fitness-trainer-oder-microstudio\\\/#organizationLogo\",\"width\":76,\"height\":40},\"image\":{\"@id\":\"https:\\\/\\\/www.bundesverband-pt.de\\\/en\\\/qualitaetssicherung\\\/sofort-mehr-kunden-als-personal-fitness-trainer-oder-microstudio\\\/#organizationLogo\"},\"sameAs\":[\"https:\\\/\\\/www.facebook.com\\\/groups\\\/bundesverbandpt\\\/\"]},{\"@type\":\"WebPage\",\"@id\":\"https:\\\/\\\/www.bundesverband-pt.de\\\/en\\\/qualitaetssicherung\\\/sofort-mehr-kunden-als-personal-fitness-trainer-oder-microstudio\\\/#webpage\",\"url\":\"https:\\\/\\\/www.bundesverband-pt.de\\\/en\\\/qualitaetssicherung\\\/sofort-mehr-kunden-als-personal-fitness-trainer-oder-microstudio\\\/\",\"name\":\"Sofort mehr Kunden als Personal Fitness Trainer oder Microstudio - Bundesverband Personal Training\",\"description\":\"Sofort mehr Kunden als Personal Fitness Trainer oder MicrostudioDu bist auf der Suche nach Kunden f\\u00fcr Dein Personal Training oder Dein Microstudio? Wir vom BPT e.V. haben f\\u00fcr Dich die optimale L\\u00f6sung! Mit unserem Kundenakquise-Experten Dan Samek bieten wir allen Mitgliedern des BPT e.V in Zukunft ein kostenfreies Beratungsgespr\\u00e4ch. Dort bekommst Du Antworten auf folgende\",\"inLanguage\":\"en-GB\",\"isPartOf\":{\"@id\":\"https:\\\/\\\/www.bundesverband-pt.de\\\/en\\\/#website\"},\"breadcrumb\":{\"@id\":\"https:\\\/\\\/www.bundesverband-pt.de\\\/en\\\/qualitaetssicherung\\\/sofort-mehr-kunden-als-personal-fitness-trainer-oder-microstudio\\\/#breadcrumblist\"},\"datePublished\":\"2021-08-27T08:20:13+02:00\",\"dateModified\":\"2024-06-05T13:15:01+02:00\"},{\"@type\":\"WebSite\",\"@id\":\"https:\\\/\\\/www.bundesverband-pt.de\\\/en\\\/#website\",\"url\":\"https:\\\/\\\/www.bundesverband-pt.de\\\/en\\\/\",\"name\":\"[:de]Bundesverband Personal Training[:]\",\"description\":\"Personal Fitness Trainer\\\/in\",\"inLanguage\":\"en-GB\",\"publisher\":{\"@id\":\"https:\\\/\\\/www.bundesverband-pt.de\\\/en\\\/#organization\"}}]}\n\t\t<\/script>\n\t\t<!-- All in One SEO -->\n\n","aioseo_head_json":{"title":"Sofort mehr Kunden als Personal Fitness Trainer oder Microstudio - Bundesverband Personal Training","description":"Sofort mehr Kunden als Personal Fitness Trainer oder MicrostudioDu bist auf der Suche nach Kunden f\u00fcr Dein Personal Training oder Dein Microstudio? Wir vom BPT e.V. haben f\u00fcr Dich die optimale L\u00f6sung! Mit unserem Kundenakquise-Experten Dan Samek bieten wir allen Mitgliedern des BPT e.V in Zukunft ein kostenfreies Beratungsgespr\u00e4ch. Dort bekommst Du Antworten auf folgende","canonical_url":"https:\/\/www.bundesverband-pt.de\/en\/qualitaetssicherung\/sofort-mehr-kunden-als-personal-fitness-trainer-oder-microstudio\/","robots":"max-image-preview:large","keywords":"","webmasterTools":{"miscellaneous":""},"schema":{"@context":"https:\/\/schema.org","@graph":[{"@type":"BreadcrumbList","@id":"https:\/\/www.bundesverband-pt.de\/en\/qualitaetssicherung\/sofort-mehr-kunden-als-personal-fitness-trainer-oder-microstudio\/#breadcrumblist","itemListElement":[{"@type":"ListItem","@id":"https:\/\/www.bundesverband-pt.de\/en#listItem","position":1,"name":"Zu Hause","item":"https:\/\/www.bundesverband-pt.de\/en","nextItem":{"@type":"ListItem","@id":"https:\/\/www.bundesverband-pt.de\/en\/qualitaetssicherung\/#listItem","name":"Qualit\u00e4tssicherung"}},{"@type":"ListItem","@id":"https:\/\/www.bundesverband-pt.de\/en\/qualitaetssicherung\/#listItem","position":2,"name":"Qualit\u00e4tssicherung","item":"https:\/\/www.bundesverband-pt.de\/en\/qualitaetssicherung\/","nextItem":{"@type":"ListItem","@id":"https:\/\/www.bundesverband-pt.de\/en\/qualitaetssicherung\/sofort-mehr-kunden-als-personal-fitness-trainer-oder-microstudio\/#listItem","name":"Sofort mehr Kunden als Personal Fitness Trainer oder Microstudio"},"previousItem":{"@type":"ListItem","@id":"https:\/\/www.bundesverband-pt.de\/en#listItem","name":"Zu Hause"}},{"@type":"ListItem","@id":"https:\/\/www.bundesverband-pt.de\/en\/qualitaetssicherung\/sofort-mehr-kunden-als-personal-fitness-trainer-oder-microstudio\/#listItem","position":3,"name":"Sofort mehr Kunden als Personal Fitness Trainer oder Microstudio","previousItem":{"@type":"ListItem","@id":"https:\/\/www.bundesverband-pt.de\/en\/qualitaetssicherung\/#listItem","name":"Qualit\u00e4tssicherung"}}]},{"@type":"Organization","@id":"https:\/\/www.bundesverband-pt.de\/en\/#organization","name":"Bundesverband Personal Training","description":"Personal Fitness Trainer\/in","url":"https:\/\/www.bundesverband-pt.de\/en\/","telephone":"+494023856955","logo":{"@type":"ImageObject","url":"https:\/\/www.bundesverband-pt.de\/wp-content\/uploads\/2023\/08\/bundesverband-pt-sticky-logo@1x.png","@id":"https:\/\/www.bundesverband-pt.de\/en\/qualitaetssicherung\/sofort-mehr-kunden-als-personal-fitness-trainer-oder-microstudio\/#organizationLogo","width":76,"height":40},"image":{"@id":"https:\/\/www.bundesverband-pt.de\/en\/qualitaetssicherung\/sofort-mehr-kunden-als-personal-fitness-trainer-oder-microstudio\/#organizationLogo"},"sameAs":["https:\/\/www.facebook.com\/groups\/bundesverbandpt\/"]},{"@type":"WebPage","@id":"https:\/\/www.bundesverband-pt.de\/en\/qualitaetssicherung\/sofort-mehr-kunden-als-personal-fitness-trainer-oder-microstudio\/#webpage","url":"https:\/\/www.bundesverband-pt.de\/en\/qualitaetssicherung\/sofort-mehr-kunden-als-personal-fitness-trainer-oder-microstudio\/","name":"Sofort mehr Kunden als Personal Fitness Trainer oder Microstudio - Bundesverband Personal Training","description":"Sofort mehr Kunden als Personal Fitness Trainer oder MicrostudioDu bist auf der Suche nach Kunden f\u00fcr Dein Personal Training oder Dein Microstudio? Wir vom BPT e.V. haben f\u00fcr Dich die optimale L\u00f6sung! Mit unserem Kundenakquise-Experten Dan Samek bieten wir allen Mitgliedern des BPT e.V in Zukunft ein kostenfreies Beratungsgespr\u00e4ch. Dort bekommst Du Antworten auf folgende","inLanguage":"en-GB","isPartOf":{"@id":"https:\/\/www.bundesverband-pt.de\/en\/#website"},"breadcrumb":{"@id":"https:\/\/www.bundesverband-pt.de\/en\/qualitaetssicherung\/sofort-mehr-kunden-als-personal-fitness-trainer-oder-microstudio\/#breadcrumblist"},"datePublished":"2021-08-27T08:20:13+02:00","dateModified":"2024-06-05T13:15:01+02:00"},{"@type":"WebSite","@id":"https:\/\/www.bundesverband-pt.de\/en\/#website","url":"https:\/\/www.bundesverband-pt.de\/en\/","name":"[:de]Bundesverband Personal Training[:]","description":"Personal Fitness Trainer\/in","inLanguage":"en-GB","publisher":{"@id":"https:\/\/www.bundesverband-pt.de\/en\/#organization"}}]},"og:locale":"en_GB","og:site_name":"Bundesverband Personal Training - Personal Fitness Trainer\/in","og:type":"article","og:title":"Sofort mehr Kunden als Personal Fitness Trainer oder Microstudio - Bundesverband Personal Training","og:description":"Sofort mehr Kunden als Personal Fitness Trainer oder MicrostudioDu bist auf der Suche nach Kunden f\u00fcr Dein Personal Training oder Dein Microstudio? Wir vom BPT e.V. haben f\u00fcr Dich die optimale L\u00f6sung! Mit unserem Kundenakquise-Experten Dan Samek bieten wir allen Mitgliedern des BPT e.V in Zukunft ein kostenfreies Beratungsgespr\u00e4ch. Dort bekommst Du Antworten auf folgende","og:url":"https:\/\/www.bundesverband-pt.de\/en\/qualitaetssicherung\/sofort-mehr-kunden-als-personal-fitness-trainer-oder-microstudio\/","og:image":"https:\/\/www.bundesverband-pt.de\/wp-content\/uploads\/2023\/08\/bundesverband-pt-sticky-logo@1x.png","og:image:secure_url":"https:\/\/www.bundesverband-pt.de\/wp-content\/uploads\/2023\/08\/bundesverband-pt-sticky-logo@1x.png","og:image:width":76,"og:image:height":40,"article:published_time":"2021-08-27T06:20:13+00:00","article:modified_time":"2024-06-05T11:15:01+00:00","article:publisher":"https:\/\/www.facebook.com\/groups\/bundesverbandpt\/","twitter:card":"summary_large_image","twitter:title":"Sofort mehr Kunden als Personal Fitness Trainer oder Microstudio - Bundesverband Personal Training","twitter:description":"Sofort mehr Kunden als Personal Fitness Trainer oder MicrostudioDu bist auf der Suche nach Kunden f\u00fcr Dein Personal Training oder Dein Microstudio? Wir vom BPT e.V. haben f\u00fcr Dich die optimale L\u00f6sung! Mit unserem Kundenakquise-Experten Dan Samek bieten wir allen Mitgliedern des BPT e.V in Zukunft ein kostenfreies Beratungsgespr\u00e4ch. Dort bekommst Du Antworten auf folgende","twitter:image":"https:\/\/www.bundesverband-pt.de\/wp-content\/uploads\/2023\/08\/bundesverband-pt-sticky-logo@1x.png"},"aioseo_meta_data":{"post_id":"1727","title":null,"description":null,"keywords":null,"keyphrases":{"focus":{"keyphrase":"","score":0,"analysis":{"keyphraseInTitle":{"score":0,"maxScore":9,"error":1}}},"additional":[]},"primary_term":null,"canonical_url":null,"og_title":null,"og_description":null,"og_object_type":"default","og_image_type":"default","og_image_url":null,"og_image_width":null,"og_image_height":null,"og_image_custom_url":null,"og_image_custom_fields":null,"og_video":"","og_custom_url":null,"og_article_section":null,"og_article_tags":null,"twitter_use_og":false,"twitter_card":"default","twitter_image_type":"default","twitter_image_url":null,"twitter_image_custom_url":null,"twitter_image_custom_fields":null,"twitter_title":null,"twitter_description":null,"schema":{"blockGraphs":[],"customGraphs":[],"default":{"data":{"Article":[],"Course":[],"Dataset":[],"FAQPage":[],"Movie":[],"Person":[],"Product":[],"ProductReview":[],"Car":[],"Recipe":[],"Service":[],"SoftwareApplication":[],"WebPage":[]},"graphName":"WebPage","isEnabled":true},"graphs":[]},"schema_type":"default","schema_type_options":null,"pillar_content":false,"robots_default":true,"robots_noindex":false,"robots_noarchive":false,"robots_nosnippet":false,"robots_nofollow":false,"robots_noimageindex":false,"robots_noodp":false,"robots_notranslate":false,"robots_max_snippet":"-1","robots_max_videopreview":"-1","robots_max_imagepreview":"large","priority":null,"frequency":"default","local_seo":null,"breadcrumb_settings":null,"limit_modified_date":false,"ai":null,"created":"2024-03-15 07:09:49","updated":"2025-06-05 08:35:26","seo_analyzer_scan_date":null,"focus_keyword":null,"additional_keywords":null,"truseo_locale":null},"aioseo_breadcrumb":"<div class=\"aioseo-breadcrumbs\"><span class=\"aioseo-breadcrumb\">\n\t\t\t<a href=\"https:\/\/www.bundesverband-pt.de\/en\" title=\"Zu Hause\">Zu Hause<\/a>\n\t\t<\/span><span class=\"aioseo-breadcrumb-separator\">&raquo;<\/span><span class=\"aioseo-breadcrumb\">\n\t\t\t<a href=\"https:\/\/www.bundesverband-pt.de\/en\/qualitaetssicherung\/\" title=\"Qualit\u00e4tssicherung\">Qualit\u00e4tssicherung<\/a>\n\t\t<\/span><span class=\"aioseo-breadcrumb-separator\">&raquo;<\/span><span class=\"aioseo-breadcrumb\">\n\t\t\tSofort mehr Kunden als Personal Fitness Trainer oder Microstudio\n\t\t<\/span><\/div>","aioseo_breadcrumb_json":[{"label":"Zu Hause","link":"https:\/\/www.bundesverband-pt.de\/en"},{"label":"Qualit\u00e4tssicherung","link":"https:\/\/www.bundesverband-pt.de\/en\/qualitaetssicherung\/"},{"label":"Sofort mehr Kunden als Personal Fitness Trainer oder Microstudio","link":"https:\/\/www.bundesverband-pt.de\/en\/qualitaetssicherung\/sofort-mehr-kunden-als-personal-fitness-trainer-oder-microstudio\/"}],"_links":{"self":[{"href":"https:\/\/www.bundesverband-pt.de\/en\/wp-json\/wp\/v2\/pages\/1727","targetHints":{"allow":["GET"]}}],"collection":[{"href":"https:\/\/www.bundesverband-pt.de\/en\/wp-json\/wp\/v2\/pages"}],"about":[{"href":"https:\/\/www.bundesverband-pt.de\/en\/wp-json\/wp\/v2\/types\/page"}],"author":[{"embeddable":true,"href":"https:\/\/www.bundesverband-pt.de\/en\/wp-json\/wp\/v2\/users\/1"}],"replies":[{"embeddable":true,"href":"https:\/\/www.bundesverband-pt.de\/en\/wp-json\/wp\/v2\/comments?post=1727"}],"version-history":[{"count":20,"href":"https:\/\/www.bundesverband-pt.de\/en\/wp-json\/wp\/v2\/pages\/1727\/revisions"}],"predecessor-version":[{"id":3724,"href":"https:\/\/www.bundesverband-pt.de\/en\/wp-json\/wp\/v2\/pages\/1727\/revisions\/3724"}],"up":[{"embeddable":true,"href":"https:\/\/www.bundesverband-pt.de\/en\/wp-json\/wp\/v2\/pages\/84"}],"wp:attachment":[{"href":"https:\/\/www.bundesverband-pt.de\/en\/wp-json\/wp\/v2\/media?parent=1727"}],"curies":[{"name":"wp","href":"https:\/\/api.w.org\/{rel}","templated":true}]}}